{"id":1394,"date":"2023-09-25T11:49:22","date_gmt":"2023-09-25T11:49:22","guid":{"rendered":"https:\/\/populariswp.com\/popularis-verse\/?page_id=1394"},"modified":"2026-01-24T11:17:31","modified_gmt":"2026-01-24T10:17:31","slug":"homepage-2","status":"publish","type":"page","link":"https:\/\/rbtv.sk\/?page_id=1394","title":{"rendered":""},"content":{"rendered":"\t\t<div data-elementor-type=\"wp-page\" data-elementor-id=\"1394\" class=\"elementor elementor-1394\">\n\t\t\t\t\t\t<section class=\"elementor-section elementor-top-section elementor-element elementor-element-8b73469 elementor-section-boxed elementor-section-height-default elementor-section-height-default tmpcoder-jarallax-no tmpcoder-parallax-no tmpcoder-particle-no tmpcoder-sticky-section-no\" data-id=\"8b73469\" data-element_type=\"section\" data-settings=\"{&quot;background_background&quot;:&quot;classic&quot;}\">\n\t\t\t\t\t\t\t<div class=\"elementor-background-overlay\"><\/div>\n\t\t\t\t\t\t\t<div class=\"elementor-container elementor-column-gap-default\">\n\t\t\t\t\t<div class=\"elementor-column elementor-col-100 elementor-top-column elementor-element elementor-element-23f66de\" data-id=\"23f66de\" data-element_type=\"column\">\n\t\t\t<div class=\"elementor-widget-wrap elementor-element-populated\">\n\t\t\t\t\t<div class=\"elementor-background-overlay\"><\/div>\n\t\t\t\t\t\t<div class=\"elementor-element elementor-element-a095a41 animated-slow elementor-invisible elementor-widget elementor-widget-heading\" data-id=\"a095a41\" data-element_type=\"widget\" data-settings=\"{&quot;_animation&quot;:&quot;fadeInUp&quot;,&quot;_animation_delay&quot;:200}\" data-widget_type=\"heading.default\">\n\t\t\t\t<div class=\"elementor-widget-container\">\n\t\t\t\t\t<h3 class=\"elementor-heading-title elementor-size-default\">\u017divotopis<br><\/h3>\t\t\t\t<\/div>\n\t\t\t\t<\/div>\n\t\t\t\t<div class=\"elementor-element elementor-element-7a322ba elementor-widget elementor-widget-text-editor\" data-id=\"7a322ba\" data-element_type=\"widget\" data-widget_type=\"text-editor.default\">\n\t\t\t\t<div class=\"elementor-widget-container\">\n\t\t\t\t\t\t\t\t\t<p style=\"box-sizing: inherit; margin-bottom: 1.5em; background-color: #ffffff; color: #404040; font-family: Lato, Helvetica, Arial, sans-serif; font-size: var(--wp--preset--font-size--medium) !important;\"><strong style=\"box-sizing: inherit; font-weight: bold;\">Vzdelanie<\/strong><\/p>\n<div style=\"flex-direction: column; align-items: flex-start; color: #404040; font-family: Lato, Helvetica, Arial, sans-serif; font-size: 16px; text-align: start;\">\n<p style=\"box-sizing: inherit;\">2004 \u2013 2005&nbsp; &nbsp; &nbsp; &nbsp; &nbsp;Bratislava<\/p>\n<p style=\"box-sizing: inherit;\">\u00dastav medzin\u00e1rodn\u00fdch vz\u0165ahov a aproxim\u00e1cie pr\u00e1va Pr\u00e1vnickej fakulty Univerzity Komensk\u00e9ho v Bratislave&nbsp;<\/p>\n<p style=\"box-sizing: inherit;\">odbor medzin\u00e1rodn\u00fdch vz\u0165ahov a diplomacia<\/p><p style=\"box-sizing: inherit;\"><br><\/p>\n<p style=\"box-sizing: inherit;\">\n<\/p><\/div>\n<div style=\"flex-direction: column; align-items: flex-start; color: #404040; font-family: Lato, Helvetica, Arial, sans-serif; font-size: 16px; text-align: start;\">\n<p style=\"box-sizing: inherit;\">1998 \u2013 2002&nbsp; &nbsp; &nbsp; &nbsp; &nbsp; &nbsp;Bratislava<\/p>\n<p style=\"box-sizing: inherit;\">Katedra \u017eurnalistiky Filozofickej fakulty Univerzity Komensk\u00e9ho&nbsp;&nbsp;v Bratislave<\/p>\n<p style=\"box-sizing: inherit;\">odbor \u017eurnalistika ( telev\u00edzia a rozhlas ), Mgr.<\/p>\n<p style=\"box-sizing: inherit;\">\n<\/p><\/div>\n<div style=\"flex-direction: column; align-items: flex-start; color: #404040; font-family: Lato, Helvetica, Arial, sans-serif; font-size: 16px; text-align: start;\">\n<p style=\"box-sizing: inherit;\"><br><\/p><p style=\"box-sizing: inherit;\">1997 \u2013 1998&nbsp; &nbsp; &nbsp; &nbsp; &nbsp; &nbsp; Bratislava<\/p>\n<p style=\"box-sizing: inherit;\">Slovensk\u00e1 technick\u00e1 univerzita<\/p>\n<p style=\"box-sizing: inherit;\">environment\u00e1lne \u0161t\u00fadie<\/p>\n<p style=\"box-sizing: inherit;\">\n<\/p><\/div>\n<div style=\"flex-direction: column; align-items: flex-start; color: #404040; font-family: Lato, Helvetica, Arial, sans-serif; font-size: 16px; text-align: start;\">\n<p style=\"box-sizing: inherit;\"><br><\/p><p style=\"box-sizing: inherit;\">1993 \u2013 1997&nbsp; &nbsp; &nbsp; &nbsp; &nbsp; &nbsp; Bratislava<\/p>\n<p style=\"box-sizing: inherit;\">Gymn\u00e1zium Ladislava Novomesk\u00e9ho v Bratislave<\/p>\n<p style=\"box-sizing: inherit;\"><strong style=\"box-sizing: inherit; font-weight: bold;\">&nbsp;<\/strong><\/p>\n<\/div>\n<p style=\"box-sizing: inherit; margin-bottom: 1.5em; background-color: #ffffff; color: #404040; font-family: Lato, Helvetica, Arial, sans-serif; font-size: var(--wp--preset--font-size--medium) !important;\"><strong style=\"box-sizing: inherit; font-weight: bold;\">Profesia<\/strong><\/p>\n<div style=\"flex-direction: column; align-items: flex-start; color: #404040; font-family: Lato, Helvetica, Arial, sans-serif; font-size: 16px; text-align: start;\">\n<p style=\"box-sizing: inherit;\">2025 &#8211; &nbsp; &nbsp; &nbsp; &nbsp; &nbsp; &nbsp; &nbsp; &nbsp; &nbsp; &nbsp; TV Kanal1<\/p>\n<p style=\"box-sizing: inherit;\">dramaturg a moder\u00e1tor krimi rel\u00e1cie V tieni zlo\u010dinu<\/p><p style=\"box-sizing: inherit;\"><br><\/p>\n<p style=\"box-sizing: inherit;\">2024 &#8211; 2025 &nbsp; &nbsp; &nbsp; &nbsp; &nbsp; OS ZZS SR<\/p>\n<p style=\"box-sizing: inherit;\">\u0161pecialista soci\u00e1lnych siet\u00ed, z\u00e1stupca hovorcu Opera\u010dn\u00e9ho strediska ZZS SR<\/p>\n<p style=\"box-sizing: inherit; --tw-border-spacing-x: 0; --tw-border-spacing-y: 0; --tw-translate-x: 0; --tw-translate-y: 0; --tw-rotate: 0; --tw-skew-x: 0; --tw-skew-y: 0; --tw-scale-x: 1; --tw-scale-y: 1; --tw-scroll-snap-strictness: proximity; --tw-ring-offset-width: 0px; --tw-ring-offset-color: #fff; --tw-ring-color: rgb(59 130 246 \/ 0.5); --tw-ring-offset-shadow: 0 0 #0000; --tw-ring-shadow: 0 0 #0000; --tw-shadow: 0 0 #0000; --tw-shadow-colored: 0 0 #0000;\"><br><\/p><p style=\"box-sizing: inherit; --tw-border-spacing-x: 0; --tw-border-spacing-y: 0; --tw-translate-x: 0; --tw-translate-y: 0; --tw-rotate: 0; --tw-skew-x: 0; --tw-skew-y: 0; --tw-scale-x: 1; --tw-scale-y: 1; --tw-scroll-snap-strictness: proximity; --tw-ring-offset-width: 0px; --tw-ring-offset-color: #fff; --tw-ring-color: rgb(59 130 246 \/ 0.5); --tw-ring-offset-shadow: 0 0 #0000; --tw-ring-shadow: 0 0 #0000; --tw-shadow: 0 0 #0000; --tw-shadow-colored: 0 0 #0000;\">2022 &#8211; 2023&nbsp; &nbsp; &nbsp; &nbsp; &nbsp; &nbsp;TA3<\/p>\n<p style=\"box-sizing: inherit; --tw-border-spacing-x: 0; --tw-border-spacing-y: 0; --tw-translate-x: 0; --tw-translate-y: 0; --tw-rotate: 0; --tw-skew-x: 0; --tw-skew-y: 0; --tw-scale-x: 1; --tw-scale-y: 1; --tw-scroll-snap-strictness: proximity; --tw-ring-offset-width: 0px; --tw-ring-offset-color: #fff; --tw-ring-color: rgb(59 130 246 \/ 0.5); --tw-ring-offset-shadow: 0 0 #0000; --tw-ring-shadow: 0 0 #0000; --tw-shadow: 0 0 #0000; --tw-shadow-colored: 0 0 #0000;\">analytick\u00fd redaktor dom\u00e1ceho spravodajstva, moder\u00e1tor \u0160t\u00fadia TA3<\/p>\n<p style=\"box-sizing: inherit;\">\n<\/p><\/div>\n<div style=\"flex-direction: column; align-items: flex-start; color: #404040; font-family: Lato, Helvetica, Arial, sans-serif; font-size: 16px; text-align: start;\">\n<p style=\"box-sizing: inherit;\"><br><\/p><p style=\"box-sizing: inherit;\">2021 &#8211; 2022&nbsp; &nbsp; &nbsp; &nbsp; &nbsp; &nbsp; &nbsp;www.tvkrimi.sk<\/p>\n<p style=\"box-sizing: inherit;\">zakladate\u013e osobn\u00e9ho blogu<\/p>\n<p style=\"box-sizing: inherit;\">\n<\/p><\/div>\n<div style=\"flex-direction: column; align-items: flex-start; color: #404040; font-family: Lato, Helvetica, Arial, sans-serif; font-size: 16px; text-align: start;\">\n<p style=\"box-sizing: inherit;\"><br><\/p><p style=\"box-sizing: inherit;\">2019 &#8211; 2020&nbsp; &nbsp; &nbsp; &nbsp; &nbsp; &nbsp; &nbsp;RTVS<\/p>\n<p style=\"box-sizing: inherit;\">\u0161\u00e9fredaktor aktu\u00e1lnej a analytickej publicistiky&nbsp;<\/p>\n<p style=\"box-sizing: inherit;\">( Report\u00e9ri, Ob\u010dan za dverami )&nbsp; &nbsp;<\/p>\n<p style=\"box-sizing: inherit;\">\n<\/p><\/div>\n<div style=\"flex-direction: column; align-items: flex-start; color: #404040; font-family: Lato, Helvetica, Arial, sans-serif; font-size: 16px; text-align: start;\">\n<p style=\"box-sizing: inherit;\"><br><\/p><p style=\"box-sizing: inherit;\">2018 &#8211; 2019&nbsp; &nbsp; &nbsp; &nbsp; &nbsp; &nbsp; &nbsp; RTVS<\/p>\n<p style=\"box-sizing: inherit;\">redaktor spravodajstva, senior d\u00e1tov\u00fd redaktor<\/p>\n<p style=\"box-sizing: inherit;\">\n<\/p><\/div>\n<div style=\"flex-direction: column; align-items: flex-start; color: #404040; font-family: Lato, Helvetica, Arial, sans-serif; font-size: 16px; text-align: start;\">\n<p style=\"box-sizing: inherit;\"><br><\/p><p style=\"box-sizing: inherit;\">8\/2010 &#8211; 6\/2011&nbsp; &nbsp; &nbsp; KVTV &nbsp; &nbsp; &nbsp; &nbsp; &nbsp; &nbsp; &nbsp; &nbsp; &nbsp; &nbsp; &nbsp; &nbsp;&nbsp;<\/p>\n<p style=\"box-sizing: inherit;\">\u0161\u00e9fredaktor, poveren\u00fd veden\u00edm lok\u00e1lnej telev\u00edzie Karlova Ves<\/p>\n<p style=\"box-sizing: inherit;\">\n<\/p><\/div>\n<div style=\"flex-direction: column; align-items: flex-start; color: #404040; font-family: Lato, Helvetica, Arial, sans-serif; font-size: 16px; text-align: start;\">\n<p style=\"box-sizing: inherit;\"><br><\/p><p style=\"box-sizing: inherit;\">2007 &#8211; 2008&nbsp; &nbsp; &nbsp; &nbsp; &nbsp; &nbsp; TV BA&nbsp;<\/p>\n<p style=\"box-sizing: inherit;\">redaktor spravodajstva a publicistiky<\/p>\n<p style=\"box-sizing: inherit;\">\n<\/p><\/div>\n<div style=\"flex-direction: column; align-items: flex-start; color: #404040; font-family: Lato, Helvetica, Arial, sans-serif; font-size: 16px; text-align: start;\">\n<p style=\"box-sizing: inherit;\"><br><\/p><p style=\"box-sizing: inherit;\">1\/2006 &#8211; 10\/2006&nbsp; &nbsp; TA3<\/p>\n<p style=\"box-sizing: inherit;\">redaktor investigat\u00edvnej publicistiky \u010cierny Peter<\/p>\n<p style=\"box-sizing: inherit;\">\n<\/p><\/div>\n<div style=\"flex-direction: column; align-items: flex-start; color: #404040; font-family: Lato, Helvetica, Arial, sans-serif; font-size: 16px; text-align: start;\">\n<p style=\"box-sizing: inherit;\"><br><\/p><p style=\"box-sizing: inherit;\">2001 &#8211; 2010&nbsp; &nbsp; &nbsp; &nbsp; &nbsp; &nbsp; &nbsp;KVTV &nbsp; &nbsp; &nbsp; &nbsp; &nbsp; &nbsp; &nbsp; &nbsp; &nbsp; &nbsp; &nbsp; &nbsp;<\/p>\n<p style=\"box-sizing: inherit;\">extern\u00fd redaktor a moder\u00e1tor lok\u00e1lnej telev\u00edzie Karlova Ves<\/p>\n<p style=\"box-sizing: inherit;\">\n<\/p><\/div>\n<div style=\"flex-direction: column; align-items: flex-start; color: #404040; font-family: Lato, Helvetica, Arial, sans-serif; font-size: 16px; text-align: start;\">\n<p style=\"box-sizing: inherit;\"><br><\/p><p style=\"box-sizing: inherit;\">2000 &#8211; 2006&nbsp; &nbsp; &nbsp; &nbsp; &nbsp; &nbsp; Mark\u00edza&nbsp; &nbsp; &nbsp; &nbsp; &nbsp; &nbsp; &nbsp;<\/p>\n<p style=\"box-sizing: inherit;\">produk\u010dn\u00fd Telev\u00edznych nov\u00edn<\/p>\n<p style=\"box-sizing: inherit;\">\n<\/p><\/div>\n<div style=\"flex-direction: column; align-items: flex-start; color: #404040; font-family: Lato, Helvetica, Arial, sans-serif; font-size: 16px; text-align: start;\">\n<p style=\"box-sizing: inherit;\"><br><\/p><p style=\"box-sizing: inherit;\">1999 &#8211; 2000&nbsp; &nbsp; &nbsp; &nbsp; &nbsp; &nbsp; &nbsp;Mark\u00edza&nbsp; &nbsp; &nbsp; &nbsp; &nbsp; &nbsp;&nbsp;<\/p>\n<p style=\"box-sizing: inherit;\">zakladate\u013e spravodajsk\u00e9ho arch\u00edvu<\/p>\n<p style=\"box-sizing: inherit;\">\n<\/p><\/div>\n<div style=\"flex-direction: column; align-items: flex-start; color: #404040; font-family: Lato, Helvetica, Arial, sans-serif; font-size: 16px; text-align: start;\">\n<p style=\"box-sizing: inherit;\"><br><\/p><p style=\"box-sizing: inherit;\">2000 &#8211; 2004&nbsp; &nbsp; &nbsp; &nbsp; &nbsp; &nbsp; &nbsp;Nad\u00e1cia TVM<\/p>\n<p style=\"box-sizing: inherit;\">extern\u00e9 PR&nbsp;<\/p>\n<p style=\"box-sizing: inherit;\">\n<\/p><\/div>\n<div style=\"flex-direction: column; align-items: flex-start; color: #404040; font-family: Lato, Helvetica, Arial, sans-serif; font-size: 16px; text-align: start;\">\n<p style=\"box-sizing: inherit;\"><br><\/p><p style=\"box-sizing: inherit;\">1998 &#8211; 1999&nbsp; &nbsp; &nbsp; &nbsp; &nbsp; &nbsp; &nbsp; VTV&nbsp; &nbsp; &nbsp; &nbsp; &nbsp; &nbsp; &nbsp;&nbsp;<\/p>\n<p style=\"box-sizing: inherit;\">asistent produkcie, zahrani\u010dnej redakcie, el\u00e9v, asistent r\u00e9\u017eie, archiv\u00e1r<\/p><p style=\"box-sizing: inherit;\"><br><\/p>\n<p style=\"box-sizing: inherit; margin-bottom: 1.5em; background-color: #ffffff; color: #404040; font-size: var(--wp--preset--font-size--medium) !important; text-align: center;\"><strong>Individu\u00e1lne projekty<\/strong><\/p>\n<div style=\"flex-direction: column; align-items: flex-start; color: #404040; font-family: Lato, Helvetica, Arial, sans-serif; font-size: 16px; text-align: start;\">\n<div style=\"flex-direction: column; align-items: flex-start; font-family: Lato, Helvetica, Arial, sans-serif;\">\n<p style=\"box-sizing: inherit;\">2025 &#8211; &nbsp; &nbsp; &nbsp; &nbsp; &nbsp; &nbsp; &nbsp; &nbsp; &nbsp; &nbsp; &nbsp;<span style=\"text-decoration: underline; color: #00ffff;\"><a style=\"color: #00ffff; text-decoration: underline;\" href=\"https:\/\/youtube.com\/playlist?list=PL9tCyFF_1W6tci_3IQfs5X-FXcBGQXJ8A&amp;si=__2FcOe11KxmPZCP\">dramaturg, moder\u00e1tor krimi rel\u00e1cie V tieni zlo\u010dinu TV Kanal1<\/a><\/span><\/p>\n<p style=\"box-sizing: inherit;\"><br><\/p><p style=\"box-sizing: inherit;\">2020 &#8211; 2022&nbsp; &nbsp; &nbsp; &nbsp; &nbsp; &nbsp; osobn\u00fd blog tvkrimi.sk<\/p>\n<p style=\"box-sizing: inherit;\"><br><\/p><p style=\"box-sizing: inherit;\">2018&nbsp; &nbsp; &nbsp; &nbsp; &nbsp; &nbsp; &nbsp; &nbsp; &nbsp; &nbsp; &nbsp; &nbsp; &nbsp;workshop d\u00e1tovej \u017eurnalistiky v BBC v Lond\u00fdne<\/p>\n<p style=\"box-sizing: inherit;\">\n<\/p><\/div>\n<div style=\"flex-direction: column; align-items: flex-start; font-family: Lato, Helvetica, Arial, sans-serif;\">\n<p style=\"box-sizing: inherit;\"><br><\/p><p style=\"box-sizing: inherit;\">2015&nbsp; &nbsp; &nbsp; &nbsp; &nbsp; &nbsp; &nbsp; &nbsp; &nbsp; &nbsp; &nbsp; &nbsp; &nbsp;grant Audiovizu\u00e1lneho fondu SR&nbsp;\u2013 scen\u00e1r k dokument\u00e1rnemu filmu \u201eVykosten\u00ed\u201c<\/p>\n<p style=\"box-sizing: inherit;\">\n<\/p><\/div>\n<div style=\"flex-direction: column; align-items: flex-start; font-family: Lato, Helvetica, Arial, sans-serif;\">\n<p style=\"box-sizing: inherit;\"><br><\/p><p style=\"box-sizing: inherit;\">2007&nbsp; &nbsp; &nbsp; &nbsp; &nbsp; &nbsp; &nbsp; &nbsp; &nbsp; &nbsp; &nbsp; &nbsp; &nbsp;dokument Austr\u00e1lia<\/p>\n<p style=\"box-sizing: inherit;\">\n<\/p><\/div>\n<div style=\"flex-direction: column; align-items: flex-start; font-family: Lato, Helvetica, Arial, sans-serif;\">\n<p style=\"box-sizing: inherit;\"><br><\/p><p style=\"box-sizing: inherit;\">2005&nbsp; &nbsp; &nbsp; &nbsp; &nbsp; &nbsp; &nbsp; &nbsp; &nbsp; &nbsp; &nbsp; &nbsp; &nbsp;odborn\u00e1 st\u00e1\u017e na Ministerstve zahrani\u010dn\u00fdch vec\u00ed SR<\/p>\n<p style=\"box-sizing: inherit;\">\n<\/p><\/div>\n<div style=\"flex-direction: column; align-items: flex-start; font-family: Lato, Helvetica, Arial, sans-serif;\">\n<p style=\"box-sizing: inherit;\"><br><\/p><p style=\"box-sizing: inherit;\">2000&nbsp; &nbsp; &nbsp; &nbsp; &nbsp; &nbsp; &nbsp; &nbsp; &nbsp; &nbsp; &nbsp; &nbsp; &nbsp;grant Eur\u00f3pskej univerzity environmentalistiky v Par\u00ed\u017ei,<\/p>\n<p style=\"box-sizing: inherit;\">\u0161tudentsk\u00fd film prezentovan\u00fd na konferencii EUE v Par\u00ed\u017ei za \u00fa\u010dasti BBC a France TV<\/p><p style=\"box-sizing: inherit;\"><br><\/p>\n<hr>\n<p style=\"box-sizing: inherit; margin-bottom: 1.5em; background-color: #ffffff; color: #404040; font-size: var(--wp--preset--font-size--medium) !important; text-align: center;\"><strong>Z\u00e1ujmy<\/strong><\/p>\n<\/div>\n<\/div>\n<\/div>\n<div style=\"flex-direction: column; align-items: flex-start; color: #404040; font-family: Lato, Helvetica, Arial, sans-serif; font-size: 16px; text-align: start;\">\n<div style=\"flex-direction: column; align-items: flex-start; color: #404040; font-family: Lato, Helvetica, Arial, sans-serif; font-size: 16px; text-align: start;\">\n<p style=\"box-sizing: inherit; margin-bottom: 1.5em; color: #404040; font-family: Lato, Helvetica, Arial, sans-serif;\"><span style=\"color: #ffffff;\">2021 \u2013 2025&nbsp; &nbsp; &nbsp; &nbsp; &nbsp; &nbsp; &nbsp;<span style=\"box-sizing: inherit;\">senior realitn\u00fd makl\u00e9r BOND reality<\/span><\/span><\/p>\n<p style=\"box-sizing: inherit; margin-bottom: 1.5em; color: #404040; font-family: Lato, Helvetica, Arial, sans-serif;\"><span style=\"color: #ffffff;\">2015 \u2013 2025&nbsp; &nbsp; <span style=\"box-sizing: inherit;\">&nbsp; &nbsp; &nbsp; &nbsp; &nbsp;predaj a pren\u00e1jom nehnute\u013enost\u00ed, realitn\u00e9 aktivity<\/span><\/span><\/p>\n<p style=\"box-sizing: inherit; margin-bottom: 1.5em; color: #404040; font-family: Lato, Helvetica, Arial, sans-serif;\"><span style=\"color: #ffffff;\">2013&nbsp; &nbsp; &nbsp; &nbsp; &nbsp; &nbsp; &nbsp; &nbsp; &nbsp; &nbsp; &nbsp; &nbsp; &nbsp;<span style=\"box-sizing: inherit;\">autor n\u00e1vrhu na vyhl\u00e1senie N\u00e1rodnej kult\u00farnej pamiatky Ekoiuventy pre OZ Mi\u010dur\u00edn<\/span><\/span><\/p>\n<\/div>\n<\/div>\t\t\t\t\t\t\t\t<\/div>\n\t\t\t\t<\/div>\n\t\t\t\t\t<\/div>\n\t\t<\/div>\n\t\t\t\t\t<\/div>\n\t\t<\/section>\n\t\t\t\t<\/div>\n\t\t","protected":false},"excerpt":{"rendered":"<p>\u017divotopis Vzdelanie 2004 \u2013 2005&nbsp; &nbsp; &nbsp; &nbsp; &nbsp;Bratislava \u00dastav medzin\u00e1rodn\u00fdch vz\u0165ahov a aproxim\u00e1cie pr\u00e1va Pr\u00e1vnickej fakulty Univerzity Komensk\u00e9ho v Bratislave&nbsp; odbor medzin\u00e1rodn\u00fdch vz\u0165ahov a diplomacia 1998 \u2013 2002&nbsp; &nbsp; &nbsp; &nbsp; &nbsp; &nbsp;Bratislava Katedra \u017eurnalistiky Filozofickej fakulty Univerzity Komensk\u00e9ho&nbsp;&nbsp;v Bratislave odbor \u017eurnalistika ( telev\u00edzia a rozhlas ), Mgr. 1997 \u2013 1998&nbsp; &nbsp; &nbsp; &nbsp; [&hellip;]<\/p>\n","protected":false},"author":1,"featured_media":1766,"parent":0,"menu_order":0,"comment_status":"closed","ping_status":"closed","template":"","meta":{"_monsterinsights_skip_tracking":false,"_monsterinsights_sitenote_active":false,"_monsterinsights_sitenote_note":"","_monsterinsights_sitenote_category":0,"footnotes":""},"class_list":["post-1394","page","type-page","status-publish","has-post-thumbnail","hentry"],"yoast_head":"<!-- This site is optimized with the Yoast SEO plugin v24.1 - https:\/\/yoast.com\/wordpress\/plugins\/seo\/ -->\n<title>-<\/title>\n<meta name=\"robots\" content=\"index, follow, max-snippet:-1, max-image-preview:large, max-video-preview:-1\" \/>\n<link rel=\"canonical\" href=\"https:\/\/rbtv.sk\/?page_id=1394\" \/>\n<meta property=\"og:locale\" content=\"sk_SK\" \/>\n<meta property=\"og:type\" content=\"article\" \/>\n<meta property=\"og:title\" content=\"-\" \/>\n<meta property=\"og:description\" content=\"\u017divotopis Vzdelanie 2004 \u2013 2005&nbsp; &nbsp; &nbsp; &nbsp; &nbsp;Bratislava \u00dastav medzin\u00e1rodn\u00fdch vz\u0165ahov a aproxim\u00e1cie pr\u00e1va Pr\u00e1vnickej fakulty Univerzity Komensk\u00e9ho v Bratislave&nbsp; odbor medzin\u00e1rodn\u00fdch vz\u0165ahov a diplomacia 1998 \u2013 2002&nbsp; &nbsp; &nbsp; &nbsp; &nbsp; &nbsp;Bratislava Katedra \u017eurnalistiky Filozofickej fakulty Univerzity Komensk\u00e9ho&nbsp;&nbsp;v Bratislave odbor \u017eurnalistika ( telev\u00edzia a rozhlas ), Mgr. 1997 \u2013 1998&nbsp; &nbsp; &nbsp; &nbsp; [&hellip;]\" \/>\n<meta property=\"og:url\" content=\"https:\/\/rbtv.sk\/?page_id=1394\" \/>\n<meta property=\"article:modified_time\" content=\"2026-01-24T10:17:31+00:00\" \/>\n<meta property=\"og:image\" content=\"https:\/\/rbtv.sk\/wp-content\/uploads\/2025\/01\/RISO-STATUS-FB-Prezentacia-9.jpg\" \/>\n\t<meta property=\"og:image:width\" content=\"1920\" \/>\n\t<meta property=\"og:image:height\" content=\"1080\" \/>\n\t<meta property=\"og:image:type\" content=\"image\/jpeg\" \/>\n<meta name=\"twitter:card\" content=\"summary_large_image\" \/>\n<meta name=\"twitter:label1\" content=\"Predpokladan\u00fd \u010das \u010d\u00edtania\" \/>\n\t<meta name=\"twitter:data1\" content=\"2 min\u00faty\" \/>\n<script type=\"application\/ld+json\" class=\"yoast-schema-graph\">{\"@context\":\"https:\/\/schema.org\",\"@graph\":[{\"@type\":\"WebPage\",\"@id\":\"https:\/\/rbtv.sk\/?page_id=1394\",\"url\":\"https:\/\/rbtv.sk\/?page_id=1394\",\"name\":\"-\",\"isPartOf\":{\"@id\":\"https:\/\/rbtv.sk\/#website\"},\"primaryImageOfPage\":{\"@id\":\"https:\/\/rbtv.sk\/?page_id=1394#primaryimage\"},\"image\":{\"@id\":\"https:\/\/rbtv.sk\/?page_id=1394#primaryimage\"},\"thumbnailUrl\":\"https:\/\/rbtv.sk\/wp-content\/uploads\/2025\/01\/RISO-STATUS-FB-Prezentacia-9.jpg\",\"datePublished\":\"2023-09-25T11:49:22+00:00\",\"dateModified\":\"2026-01-24T10:17:31+00:00\",\"inLanguage\":\"sk-SK\",\"potentialAction\":[{\"@type\":\"ReadAction\",\"target\":[\"https:\/\/rbtv.sk\/?page_id=1394\"]}]},{\"@type\":\"ImageObject\",\"inLanguage\":\"sk-SK\",\"@id\":\"https:\/\/rbtv.sk\/?page_id=1394#primaryimage\",\"url\":\"https:\/\/rbtv.sk\/wp-content\/uploads\/2025\/01\/RISO-STATUS-FB-Prezentacia-9.jpg\",\"contentUrl\":\"https:\/\/rbtv.sk\/wp-content\/uploads\/2025\/01\/RISO-STATUS-FB-Prezentacia-9.jpg\",\"width\":1920,\"height\":1080},{\"@type\":\"WebSite\",\"@id\":\"https:\/\/rbtv.sk\/#website\",\"url\":\"https:\/\/rbtv.sk\/\",\"name\":\"\",\"description\":\"\",\"potentialAction\":[{\"@type\":\"SearchAction\",\"target\":{\"@type\":\"EntryPoint\",\"urlTemplate\":\"https:\/\/rbtv.sk\/?s={search_term_string}\"},\"query-input\":{\"@type\":\"PropertyValueSpecification\",\"valueRequired\":true,\"valueName\":\"search_term_string\"}}],\"inLanguage\":\"sk-SK\"}]}<\/script>\n<!-- \/ Yoast SEO plugin. -->","yoast_head_json":{"title":"-","robots":{"index":"index","follow":"follow","max-snippet":"max-snippet:-1","max-image-preview":"max-image-preview:large","max-video-preview":"max-video-preview:-1"},"canonical":"https:\/\/rbtv.sk\/?page_id=1394","og_locale":"sk_SK","og_type":"article","og_title":"-","og_description":"\u017divotopis Vzdelanie 2004 \u2013 2005&nbsp; &nbsp; &nbsp; &nbsp; &nbsp;Bratislava \u00dastav medzin\u00e1rodn\u00fdch vz\u0165ahov a aproxim\u00e1cie pr\u00e1va Pr\u00e1vnickej fakulty Univerzity Komensk\u00e9ho v Bratislave&nbsp; odbor medzin\u00e1rodn\u00fdch vz\u0165ahov a diplomacia 1998 \u2013 2002&nbsp; &nbsp; &nbsp; &nbsp; &nbsp; &nbsp;Bratislava Katedra \u017eurnalistiky Filozofickej fakulty Univerzity Komensk\u00e9ho&nbsp;&nbsp;v Bratislave odbor \u017eurnalistika ( telev\u00edzia a rozhlas ), Mgr. 1997 \u2013 1998&nbsp; &nbsp; &nbsp; &nbsp; [&hellip;]","og_url":"https:\/\/rbtv.sk\/?page_id=1394","article_modified_time":"2026-01-24T10:17:31+00:00","og_image":[{"width":1920,"height":1080,"url":"https:\/\/rbtv.sk\/wp-content\/uploads\/2025\/01\/RISO-STATUS-FB-Prezentacia-9.jpg","type":"image\/jpeg"}],"twitter_card":"summary_large_image","twitter_misc":{"Predpokladan\u00fd \u010das \u010d\u00edtania":"2 min\u00faty"},"schema":{"@context":"https:\/\/schema.org","@graph":[{"@type":"WebPage","@id":"https:\/\/rbtv.sk\/?page_id=1394","url":"https:\/\/rbtv.sk\/?page_id=1394","name":"-","isPartOf":{"@id":"https:\/\/rbtv.sk\/#website"},"primaryImageOfPage":{"@id":"https:\/\/rbtv.sk\/?page_id=1394#primaryimage"},"image":{"@id":"https:\/\/rbtv.sk\/?page_id=1394#primaryimage"},"thumbnailUrl":"https:\/\/rbtv.sk\/wp-content\/uploads\/2025\/01\/RISO-STATUS-FB-Prezentacia-9.jpg","datePublished":"2023-09-25T11:49:22+00:00","dateModified":"2026-01-24T10:17:31+00:00","inLanguage":"sk-SK","potentialAction":[{"@type":"ReadAction","target":["https:\/\/rbtv.sk\/?page_id=1394"]}]},{"@type":"ImageObject","inLanguage":"sk-SK","@id":"https:\/\/rbtv.sk\/?page_id=1394#primaryimage","url":"https:\/\/rbtv.sk\/wp-content\/uploads\/2025\/01\/RISO-STATUS-FB-Prezentacia-9.jpg","contentUrl":"https:\/\/rbtv.sk\/wp-content\/uploads\/2025\/01\/RISO-STATUS-FB-Prezentacia-9.jpg","width":1920,"height":1080},{"@type":"WebSite","@id":"https:\/\/rbtv.sk\/#website","url":"https:\/\/rbtv.sk\/","name":"","description":"","potentialAction":[{"@type":"SearchAction","target":{"@type":"EntryPoint","urlTemplate":"https:\/\/rbtv.sk\/?s={search_term_string}"},"query-input":{"@type":"PropertyValueSpecification","valueRequired":true,"valueName":"search_term_string"}}],"inLanguage":"sk-SK"}]}},"_links":{"self":[{"href":"https:\/\/rbtv.sk\/index.php?rest_route=\/wp\/v2\/pages\/1394","targetHints":{"allow":["GET"]}}],"collection":[{"href":"https:\/\/rbtv.sk\/index.php?rest_route=\/wp\/v2\/pages"}],"about":[{"href":"https:\/\/rbtv.sk\/index.php?rest_route=\/wp\/v2\/types\/page"}],"author":[{"embeddable":true,"href":"https:\/\/rbtv.sk\/index.php?rest_route=\/wp\/v2\/users\/1"}],"replies":[{"embeddable":true,"href":"https:\/\/rbtv.sk\/index.php?rest_route=%2Fwp%2Fv2%2Fcomments&post=1394"}],"version-history":[{"count":6,"href":"https:\/\/rbtv.sk\/index.php?rest_route=\/wp\/v2\/pages\/1394\/revisions"}],"predecessor-version":[{"id":3194,"href":"https:\/\/rbtv.sk\/index.php?rest_route=\/wp\/v2\/pages\/1394\/revisions\/3194"}],"wp:featuredmedia":[{"embeddable":true,"href":"https:\/\/rbtv.sk\/index.php?rest_route=\/wp\/v2\/media\/1766"}],"wp:attachment":[{"href":"https:\/\/rbtv.sk\/index.php?rest_route=%2Fwp%2Fv2%2Fmedia&parent=1394"}],"curies":[{"name":"wp","href":"https:\/\/api.w.org\/{rel}","templated":true}]}}